{"id":246,"date":"2019-08-13T19:25:03","date_gmt":"2019-08-13T17:25:03","guid":{"rendered":"http:\/\/neu.ifd-frankfurt.de\/angebot-fuer-gehoerlose-menschen\/"},"modified":"2025-02-18T11:32:51","modified_gmt":"2025-02-18T10:32:51","slug":"angebot-fuer-gehoerlose-menschen","status":"publish","type":"page","link":"https:\/\/www.ifd-frankfurt.de\/de-ls\/angebot-fuer-gehoerlose-menschen\/","title":{"rendered":"Angebot f\u00fcr h\u00f6rbehinderte Menschen"},"content":{"rendered":"\t\t<div data-elementor-type=\"wp-post\" data-elementor-id=\"246\" class=\"elementor elementor-246 elementor-49\" data-elementor-post-type=\"page\">\n\t\t\t\t\t\t<section class=\"elementor-section elementor-top-section elementor-element elementor-element-f84c87f elementor-section-height-min-height elementor-section-items-top elementor-hidden-desktop elementor-hidden-tablet elementor-hidden-phone elementor-section-boxed elementor-section-height-default\" data-id=\"f84c87f\" data-element_type=\"section\">\n\t\t\t\t\t\t<div class=\"elementor-container elementor-column-gap-default\">\n\t\t\t\t\t<div class=\"elementor-column elementor-col-100 elementor-top-column elementor-element elementor-element-39e9534\" data-id=\"39e9534\" data-element_type=\"column\">\n\t\t\t<div class=\"elementor-widget-wrap elementor-element-populated\">\n\t\t\t\t\t\t<div class=\"elementor-element elementor-element-d61a285 elementor--h-position-center elementor--v-position-middle elementor-arrows-position-inside elementor-pagination-position-inside elementor-widget elementor-widget-slides\" data-id=\"d61a285\" data-element_type=\"widget\" data-settings=\"{&quot;navigation&quot;:&quot;both&quot;,&quot;autoplay&quot;:&quot;yes&quot;,&quot;pause_on_hover&quot;:&quot;yes&quot;,&quot;pause_on_interaction&quot;:&quot;yes&quot;,&quot;autoplay_speed&quot;:5000,&quot;infinite&quot;:&quot;yes&quot;,&quot;transition&quot;:&quot;slide&quot;,&quot;transition_speed&quot;:500}\" data-widget_type=\"slides.default\">\n\t\t\t\t<div class=\"elementor-widget-container\">\n\t\t\t\t\t\t\t\t\t<div class=\"elementor-swiper\">\n\t\t\t\t\t<div class=\"elementor-slides-wrapper elementor-main-swiper swiper\" role=\"region\" aria-roledescription=\"carousel\" aria-label=\"Slides\" dir=\"ltr\" data-animation=\"fadeInUp\">\n\t\t\t\t<div class=\"swiper-wrapper elementor-slides\">\n\t\t\t\t\t\t\t\t\t\t<div class=\"elementor-repeater-item-dce8108 swiper-slide\" role=\"group\" aria-roledescription=\"slide\"><div class=\"swiper-slide-bg\" role=\"img\"><\/div><div class=\"swiper-slide-inner\" ><div class=\"swiper-slide-contents\"><\/div><\/div><\/div><div class=\"elementor-repeater-item-0f493a0 swiper-slide\" role=\"group\" aria-roledescription=\"slide\"><div class=\"swiper-slide-bg\" role=\"img\"><\/div><div class=\"swiper-slide-inner\" ><div class=\"swiper-slide-contents\"><\/div><\/div><\/div>\t\t\t\t<\/div>\n\t\t\t\t\t\t\t\t\t\t\t\t\t\t\t<div class=\"elementor-swiper-button elementor-swiper-button-prev\" role=\"button\" tabindex=\"0\" aria-label=\"Previous slide\">\n\t\t\t\t\t\t\t<i aria-hidden=\"true\" class=\"eicon-chevron-left\"><\/i>\t\t\t\t\t\t<\/div>\n\t\t\t\t\t\t<div class=\"elementor-swiper-button elementor-swiper-button-next\" role=\"button\" tabindex=\"0\" aria-label=\"Next slide\">\n\t\t\t\t\t\t\t<i aria-hidden=\"true\" class=\"eicon-chevron-right\"><\/i>\t\t\t\t\t\t<\/div>\n\t\t\t\t\t\t\t\t\t\t\t\t\t\t\t\t<div class=\"swiper-pagination\"><\/div>\n\t\t\t\t\t\t\t\t\t\t\t\t<\/div>\n\t\t\t\t<\/div>\n\t\t\t\t\t\t\t\t<\/div>\n\t\t\t\t<\/div>\n\t\t\t\t\t<\/div>\n\t\t<\/div>\n\t\t\t\t\t<\/div>\n\t\t<\/section>\n\t\t\t\t<section class=\"elementor-section elementor-top-section elementor-element elementor-element-4a4df35 elementor-section-boxed elementor-section-height-default elementor-section-height-default\" data-id=\"4a4df35\" data-element_type=\"section\">\n\t\t\t\t\t\t<div class=\"elementor-container elementor-column-gap-no\">\n\t\t\t\t\t<div class=\"elementor-column elementor-col-100 elementor-top-column elementor-element elementor-element-e2825e0\" data-id=\"e2825e0\" data-element_type=\"column\">\n\t\t\t<div class=\"elementor-widget-wrap elementor-element-populated\">\n\t\t\t\t\t\t<section class=\"elementor-section elementor-inner-section elementor-element elementor-element-b64c318 elementor-section-boxed elementor-section-height-default elementor-section-height-default\" data-id=\"b64c318\" data-element_type=\"section\">\n\t\t\t\t\t\t<div class=\"elementor-container elementor-column-gap-default\">\n\t\t\t\t\t<div class=\"elementor-column elementor-col-100 elementor-inner-column elementor-element elementor-element-6809b7f\" data-id=\"6809b7f\" data-element_type=\"column\">\n\t\t\t<div class=\"elementor-widget-wrap elementor-element-populated\">\n\t\t\t\t\t\t<div class=\"elementor-element elementor-element-6264e30 lined elementor-widget elementor-widget-heading\" data-id=\"6264e30\" data-element_type=\"widget\" data-widget_type=\"heading.default\">\n\t\t\t\t<div class=\"elementor-widget-container\">\n\t\t\t\t\t<h2 class=\"elementor-heading-title elementor-size-default\">Angebot f\u00fcr H\u00f6rbehinderte Menschen <\/h2>\t\t\t\t<\/div>\n\t\t\t\t<\/div>\n\t\t\t\t\t<\/div>\n\t\t<\/div>\n\t\t\t\t\t<\/div>\n\t\t<\/section>\n\t\t\t\t<section class=\"elementor-section elementor-inner-section elementor-element elementor-element-8287b79 elementor-section-boxed elementor-section-height-default elementor-section-height-default\" data-id=\"8287b79\" data-element_type=\"section\">\n\t\t\t\t\t\t<div class=\"elementor-container elementor-column-gap-default\">\n\t\t\t\t\t<div class=\"elementor-column elementor-col-50 elementor-inner-column elementor-element elementor-element-dfa5395\" data-id=\"dfa5395\" data-element_type=\"column\">\n\t\t\t<div class=\"elementor-widget-wrap elementor-element-populated\">\n\t\t\t\t\t\t<div class=\"elementor-element elementor-element-7dca310 elementor-widget elementor-widget-text-editor\" data-id=\"7dca310\" data-element_type=\"widget\" data-widget_type=\"text-editor.default\">\n\t\t\t\t<div class=\"elementor-widget-container\">\n\t\t\t\t\t\t\t\t\t<p>Die Mitarbeiter:innen des <strong>Fachdienstes f\u00fcr H\u00f6rbehinderte Menschen<\/strong> beraten Betroffene mit einer H\u00f6rbehinderung in Bezug auf den Arbeitsplatz. Die Beratung ist bei Bedarf auch in Geb\u00e4rdensprache (DGS) m\u00f6glich.<\/p>\n<p>Der Integrationsfachdienst Frankfurt ist f\u00fcr Sie zust\u00e4ndig, wenn\u2026.<\/p>\n<ul>\n<li>Sie eine H\u00f6rbehinderung haben und anerkannt schwerbehindert oder gleichgestellt sind <strong>und <\/strong><\/li>\n<li>sich Ihr Arbeitsplatz in einer der folgenden Regionen befindet:<\/li>\n<\/ul>\t\t\t\t\t\t\t\t<\/div>\n\t\t\t\t<\/div>\n\t\t\t\t\t<\/div>\n\t\t<\/div>\n\t\t\t\t<div class=\"elementor-column elementor-col-50 elementor-inner-column elementor-element elementor-element-94e6d8e\" data-id=\"94e6d8e\" data-element_type=\"column\">\n\t\t\t<div class=\"elementor-widget-wrap elementor-element-populated\">\n\t\t\t\t\t\t<div class=\"elementor-element elementor-element-3d6a558 elementor--h-position-center elementor--v-position-middle elementor-arrows-position-inside elementor-pagination-position-inside elementor-widget elementor-widget-slides\" data-id=\"3d6a558\" data-element_type=\"widget\" data-settings=\"{&quot;navigation&quot;:&quot;both&quot;,&quot;autoplay&quot;:&quot;yes&quot;,&quot;pause_on_hover&quot;:&quot;yes&quot;,&quot;pause_on_interaction&quot;:&quot;yes&quot;,&quot;autoplay_speed&quot;:5000,&quot;infinite&quot;:&quot;yes&quot;,&quot;transition&quot;:&quot;slide&quot;,&quot;transition_speed&quot;:500}\" data-widget_type=\"slides.default\">\n\t\t\t\t<div class=\"elementor-widget-container\">\n\t\t\t\t\t\t\t\t\t<div class=\"elementor-swiper\">\n\t\t\t\t\t<div class=\"elementor-slides-wrapper elementor-main-swiper swiper\" role=\"region\" aria-roledescription=\"carousel\" aria-label=\"Slides\" dir=\"ltr\" data-animation=\"fadeInUp\">\n\t\t\t\t<div class=\"swiper-wrapper elementor-slides\">\n\t\t\t\t\t\t\t\t\t\t<div class=\"elementor-repeater-item-dce8108 swiper-slide\" role=\"group\" aria-roledescription=\"slide\"><div class=\"swiper-slide-bg\" role=\"img\"><\/div><div class=\"swiper-slide-inner\" ><div class=\"swiper-slide-contents\"><\/div><\/div><\/div><div class=\"elementor-repeater-item-0f493a0 swiper-slide\" role=\"group\" aria-roledescription=\"slide\"><div class=\"swiper-slide-bg\" role=\"img\"><\/div><div class=\"swiper-slide-inner\" ><div class=\"swiper-slide-contents\"><\/div><\/div><\/div>\t\t\t\t<\/div>\n\t\t\t\t\t\t\t\t\t\t\t\t\t\t\t<div class=\"elementor-swiper-button elementor-swiper-button-prev\" role=\"button\" tabindex=\"0\" aria-label=\"Previous slide\">\n\t\t\t\t\t\t\t<i aria-hidden=\"true\" class=\"eicon-chevron-left\"><\/i>\t\t\t\t\t\t<\/div>\n\t\t\t\t\t\t<div class=\"elementor-swiper-button elementor-swiper-button-next\" role=\"button\" tabindex=\"0\" aria-label=\"Next slide\">\n\t\t\t\t\t\t\t<i aria-hidden=\"true\" class=\"eicon-chevron-right\"><\/i>\t\t\t\t\t\t<\/div>\n\t\t\t\t\t\t\t\t\t\t\t\t\t\t\t\t<div class=\"swiper-pagination\"><\/div>\n\t\t\t\t\t\t\t\t\t\t\t\t<\/div>\n\t\t\t\t<\/div>\n\t\t\t\t\t\t\t\t<\/div>\n\t\t\t\t<\/div>\n\t\t\t\t\t<\/div>\n\t\t<\/div>\n\t\t\t\t\t<\/div>\n\t\t<\/section>\n\t\t\t\t<section class=\"elementor-section elementor-inner-section elementor-element elementor-element-8980508 elementor-section-boxed elementor-section-height-default elementor-section-height-default\" data-id=\"8980508\" data-element_type=\"section\">\n\t\t\t\t\t\t<div class=\"elementor-container elementor-column-gap-wider\">\n\t\t\t\t\t<div class=\"elementor-column elementor-col-33 elementor-inner-column elementor-element elementor-element-70a6ed4\" data-id=\"70a6ed4\" data-element_type=\"column\">\n\t\t\t<div class=\"elementor-widget-wrap elementor-element-populated\">\n\t\t\t\t\t\t<div class=\"elementor-element elementor-element-b4294ce elementor-widget elementor-widget-heading\" data-id=\"b4294ce\" data-element_type=\"widget\" data-widget_type=\"heading.default\">\n\t\t\t\t<div class=\"elementor-widget-container\">\n\t\t\t\t\t<h4 class=\"elementor-heading-title elementor-size-default\"><span class=\"red\">Frankfurt<\/span> am Main<\/h4>\t\t\t\t<\/div>\n\t\t\t\t<\/div>\n\t\t\t\t<div class=\"elementor-element elementor-element-69da906 elementor-widget elementor-widget-image\" data-id=\"69da906\" data-element_type=\"widget\" data-widget_type=\"image.default\">\n\t\t\t\t<div class=\"elementor-widget-container\">\n\t\t\t\t\t\t\t\t\t\t\t\t\t\t\t<img decoding=\"async\" src=\"https:\/\/www.ifd-frankfurt.de\/wp-content\/uploads\/2019\/09\/karte_frankfurt-1.svg\" title=\"karte_frankfurt\" alt=\"Karte von Frankfurt\" loading=\"lazy\" \/>\t\t\t\t\t\t\t\t\t\t\t\t\t\t\t<\/div>\n\t\t\t\t<\/div>\n\t\t\t\t\t<\/div>\n\t\t<\/div>\n\t\t\t\t<div class=\"elementor-column elementor-col-33 elementor-inner-column elementor-element elementor-element-e5dd696\" data-id=\"e5dd696\" data-element_type=\"column\">\n\t\t\t<div class=\"elementor-widget-wrap elementor-element-populated\">\n\t\t\t\t\t\t<div class=\"elementor-element elementor-element-1645edb elementor-widget elementor-widget-heading\" data-id=\"1645edb\" data-element_type=\"widget\" data-widget_type=\"heading.default\">\n\t\t\t\t<div class=\"elementor-widget-container\">\n\t\t\t\t\t<h4 class=\"elementor-heading-title elementor-size-default\"><span class=\"red\">Hochtaunus<\/span>kreis<\/h4>\t\t\t\t<\/div>\n\t\t\t\t<\/div>\n\t\t\t\t<div class=\"elementor-element elementor-element-fa35dc3 elementor-widget elementor-widget-image\" data-id=\"fa35dc3\" data-element_type=\"widget\" data-widget_type=\"image.default\">\n\t\t\t\t<div class=\"elementor-widget-container\">\n\t\t\t\t\t\t\t\t\t\t\t\t\t\t\t<img decoding=\"async\" src=\"https:\/\/www.ifd-frankfurt.de\/wp-content\/uploads\/2019\/09\/karte_hochtaunuskreis.svg\" title=\"karte_hochtaunuskreis\" alt=\"Karte des Hochtaunuskreis\" loading=\"lazy\" \/>\t\t\t\t\t\t\t\t\t\t\t\t\t\t\t<\/div>\n\t\t\t\t<\/div>\n\t\t\t\t\t<\/div>\n\t\t<\/div>\n\t\t\t\t<div class=\"elementor-column elementor-col-33 elementor-inner-column elementor-element elementor-element-264b9e9\" data-id=\"264b9e9\" data-element_type=\"column\">\n\t\t\t<div class=\"elementor-widget-wrap elementor-element-populated\">\n\t\t\t\t\t\t<div class=\"elementor-element elementor-element-778ce17 elementor-widget elementor-widget-heading\" data-id=\"778ce17\" data-element_type=\"widget\" data-widget_type=\"heading.default\">\n\t\t\t\t<div class=\"elementor-widget-container\">\n\t\t\t\t\t<h4 class=\"elementor-heading-title elementor-size-default\"><span class=\"red\">Main-Taunus<\/span>-Kreis<\/h4>\t\t\t\t<\/div>\n\t\t\t\t<\/div>\n\t\t\t\t<div class=\"elementor-element elementor-element-d0b8e7f elementor-widget elementor-widget-image\" data-id=\"d0b8e7f\" data-element_type=\"widget\" data-widget_type=\"image.default\">\n\t\t\t\t<div class=\"elementor-widget-container\">\n\t\t\t\t\t\t\t\t\t\t\t\t\t\t\t<img fetchpriority=\"high\" decoding=\"async\" width=\"294\" height=\"276\" src=\"https:\/\/www.ifd-frankfurt.de\/wp-content\/uploads\/2019\/09\/karte_main-taunus-kreis.svg\" class=\"attachment-large size-large wp-image-808\" alt=\"Karte des Main-Taunus-Kreis\" \/>\t\t\t\t\t\t\t\t\t\t\t\t\t\t\t<\/div>\n\t\t\t\t<\/div>\n\t\t\t\t\t<\/div>\n\t\t<\/div>\n\t\t\t\t\t<\/div>\n\t\t<\/section>\n\t\t\t\t<section class=\"elementor-section elementor-inner-section elementor-element elementor-element-f92f284 elementor-section-boxed elementor-section-height-default elementor-section-height-default\" data-id=\"f92f284\" data-element_type=\"section\">\n\t\t\t\t\t\t<div class=\"elementor-container elementor-column-gap-default\">\n\t\t\t\t\t<div class=\"elementor-column elementor-col-100 elementor-inner-column elementor-element elementor-element-43f0af0\" data-id=\"43f0af0\" data-element_type=\"column\">\n\t\t\t<div class=\"elementor-widget-wrap elementor-element-populated\">\n\t\t\t\t\t\t<div class=\"elementor-element elementor-element-27dfe78 elementor-widget elementor-widget-text-editor\" data-id=\"27dfe78\" data-element_type=\"widget\" data-widget_type=\"text-editor.default\">\n\t\t\t\t<div class=\"elementor-widget-container\">\n\t\t\t\t\t\t\t\t\t<p>Ebenso unterst\u00fctzt der Fachdienst bei der Suche nach Arbeit in den zuvor genannten Regionen und ber\u00e4t u.a. \u00fcber spezielle Kommunikationshilfen am Arbeitsplatz und das Arbeitsumfeld \u00fcber die Auswirkung und die Umgangsweise mit einer H\u00f6rbehinderung.<\/p>\n<p>F\u00fcr eine Terminvereinbarung k\u00f6nnen Sie gerne Kontakt per E-Mail (<a href=\"mailto:ifd@frankfurter-verein.de\">ifd@frankfurter-verein.de<\/a>) mit uns aufnehmen.<\/p>\n<p>Sie k\u00f6nnen uns auch unter folgender Rufnummer kontaktieren: <a href=\"tel:+49697580790\">069-7580790<\/a>.<\/p>\n\t\t\t\t\t\t\t\t<\/div>\n\t\t\t\t<\/div>\n\t\t\t\t<div class=\"elementor-element elementor-element-1ab41ff elementor-align-left elementor-mobile-align-center elementor-widget elementor-widget-button\" data-id=\"1ab41ff\" data-element_type=\"widget\" data-widget_type=\"button.default\">\n\t\t\t\t<div class=\"elementor-widget-container\">\n\t\t\t\t\t\t\t\t\t<div class=\"elementor-button-wrapper\">\n\t\t\t\t\t<a class=\"elementor-button elementor-button-link elementor-size-sm\" href=\"https:\/\/www.ifd-frankfurt.de\/de-ls\/kontakt\/\">\n\t\t\t\t\t\t<span class=\"elementor-button-content-wrapper\">\n\t\t\t\t\t\t\t\t\t<span class=\"elementor-button-text\">Zur Kontaktseite<\/span>\n\t\t\t\t\t<\/span>\n\t\t\t\t\t<\/a>\n\t\t\t\t<\/div>\n\t\t\t\t\t\t\t\t<\/div>\n\t\t\t\t<\/div>\n\t\t\t\t\t<\/div>\n\t\t<\/div>\n\t\t\t\t\t<\/div>\n\t\t<\/section>\n\t\t\t\t\t<\/div>\n\t\t<\/div>\n\t\t\t\t\t<\/div>\n\t\t<\/section>\n\t\t\t\t<\/div>\n\t\t","protected":false},"excerpt":{"rendered":"<p>Voriger N\u00e4chster Angebot f\u00fcr H\u00f6rbehinderte Menschen Die Mitarbeiter:innen des Fachdienstes f\u00fcr H\u00f6rbehinderte Menschen beraten Betroffene mit einer H\u00f6rbehinderung in Bezug auf den Arbeitsplatz. Die Beratung ist bei Bedarf auch in Geb\u00e4rdensprache (DGS) m\u00f6glich. Der Integrationsfachdienst Frankfurt ist f\u00fcr Sie zust\u00e4ndig, wenn\u2026. Sie eine H\u00f6rbehinderung haben und anerkannt schwerbehindert oder gleichgestellt sind und sich Ihr Arbeitsplatz [&hellip;]<\/p>\n","protected":false},"author":1,"featured_media":0,"parent":0,"menu_order":0,"comment_status":"closed","ping_status":"closed","template":"","meta":{"_acf_changed":false,"footnotes":""},"class_list":["post-246","page","type-page","status-publish","hentry"],"acf":[],"yoast_head":"<!-- This site is optimized with the Yoast SEO plugin v24.6 - https:\/\/yoast.com\/wordpress\/plugins\/seo\/ -->\n<title>Angebot f\u00fcr h\u00f6rbehinderte Menschen - IFD Frankfurt<\/title>\n<meta name=\"robots\" content=\"index, follow, max-snippet:-1, max-image-preview:large, max-video-preview:-1\" \/>\n<link rel=\"canonical\" href=\"https:\/\/www.ifd-frankfurt.de\/angebot-fuer-hoerbehinderte-menschen\/\" \/>\n<meta property=\"og:locale\" content=\"de_DE\" \/>\n<meta property=\"og:type\" content=\"article\" \/>\n<meta property=\"og:title\" content=\"Angebot f\u00fcr h\u00f6rbehinderte Menschen - IFD Frankfurt\" \/>\n<meta property=\"og:description\" content=\"Voriger N\u00e4chster Angebot f\u00fcr H\u00f6rbehinderte Menschen Die Mitarbeiter:innen des Fachdienstes f\u00fcr H\u00f6rbehinderte Menschen beraten Betroffene mit einer H\u00f6rbehinderung in Bezug auf den Arbeitsplatz. Die Beratung ist bei Bedarf auch in Geb\u00e4rdensprache (DGS) m\u00f6glich. Der Integrationsfachdienst Frankfurt ist f\u00fcr Sie zust\u00e4ndig, wenn\u2026. Sie eine H\u00f6rbehinderung haben und anerkannt schwerbehindert oder gleichgestellt sind und sich Ihr Arbeitsplatz [&hellip;]\" \/>\n<meta property=\"og:url\" content=\"https:\/\/www.ifd-frankfurt.de\/angebot-fuer-hoerbehinderte-menschen\/\" \/>\n<meta property=\"og:site_name\" content=\"IFD Frankfurt\" \/>\n<meta property=\"article:modified_time\" content=\"2025-02-18T10:32:51+00:00\" \/>\n<meta property=\"og:image\" content=\"https:\/\/www.ifd-frankfurt.de\/wp-content\/uploads\/2019\/09\/karte_frankfurt-1.svg\" \/>\n<meta name=\"twitter:card\" content=\"summary_large_image\" \/>\n<meta name=\"twitter:label1\" content=\"Est. reading time\" \/>\n\t<meta name=\"twitter:data1\" content=\"1 minute\" \/>\n<script type=\"application\/ld+json\" class=\"yoast-schema-graph\">{\"@context\":\"https:\/\/schema.org\",\"@graph\":[{\"@type\":\"WebPage\",\"@id\":\"https:\/\/www.ifd-frankfurt.de\/angebot-fuer-hoerbehinderte-menschen\/\",\"url\":\"https:\/\/www.ifd-frankfurt.de\/angebot-fuer-hoerbehinderte-menschen\/\",\"name\":\"Angebot f\u00fcr h\u00f6rbehinderte Menschen - IFD Frankfurt\",\"isPartOf\":{\"@id\":\"https:\/\/www.ifd-frankfurt.de\/#website\"},\"primaryImageOfPage\":{\"@id\":\"https:\/\/www.ifd-frankfurt.de\/angebot-fuer-hoerbehinderte-menschen\/#primaryimage\"},\"image\":{\"@id\":\"https:\/\/www.ifd-frankfurt.de\/angebot-fuer-hoerbehinderte-menschen\/#primaryimage\"},\"thumbnailUrl\":\"https:\/\/www.ifd-frankfurt.de\/wp-content\/uploads\/2019\/09\/karte_frankfurt-1.svg\",\"datePublished\":\"2019-08-13T17:25:03+00:00\",\"dateModified\":\"2025-02-18T10:32:51+00:00\",\"breadcrumb\":{\"@id\":\"https:\/\/www.ifd-frankfurt.de\/angebot-fuer-hoerbehinderte-menschen\/#breadcrumb\"},\"inLanguage\":\"de-LS\",\"potentialAction\":[{\"@type\":\"ReadAction\",\"target\":[\"https:\/\/www.ifd-frankfurt.de\/angebot-fuer-hoerbehinderte-menschen\/\"]}]},{\"@type\":\"ImageObject\",\"inLanguage\":\"de-LS\",\"@id\":\"https:\/\/www.ifd-frankfurt.de\/angebot-fuer-hoerbehinderte-menschen\/#primaryimage\",\"url\":\"https:\/\/www.ifd-frankfurt.de\/wp-content\/uploads\/2019\/09\/karte_frankfurt-1.svg\",\"contentUrl\":\"https:\/\/www.ifd-frankfurt.de\/wp-content\/uploads\/2019\/09\/karte_frankfurt-1.svg\"},{\"@type\":\"BreadcrumbList\",\"@id\":\"https:\/\/www.ifd-frankfurt.de\/angebot-fuer-hoerbehinderte-menschen\/#breadcrumb\",\"itemListElement\":[{\"@type\":\"ListItem\",\"position\":1,\"name\":\"Startseite\",\"item\":\"https:\/\/www.ifd-frankfurt.de\/de-ls\/\"},{\"@type\":\"ListItem\",\"position\":2,\"name\":\"Angebot f\u00fcr h\u00f6rbehinderte Menschen\"}]},{\"@type\":\"WebSite\",\"@id\":\"https:\/\/www.ifd-frankfurt.de\/#website\",\"url\":\"https:\/\/www.ifd-frankfurt.de\/\",\"name\":\"IFD Frankfurt\",\"description\":\"\",\"publisher\":{\"@id\":\"https:\/\/www.ifd-frankfurt.de\/#organization\"},\"potentialAction\":[{\"@type\":\"SearchAction\",\"target\":{\"@type\":\"EntryPoint\",\"urlTemplate\":\"https:\/\/www.ifd-frankfurt.de\/?s={search_term_string}\"},\"query-input\":{\"@type\":\"PropertyValueSpecification\",\"valueRequired\":true,\"valueName\":\"search_term_string\"}}],\"inLanguage\":\"de-LS\"},{\"@type\":\"Organization\",\"@id\":\"https:\/\/www.ifd-frankfurt.de\/#organization\",\"name\":\"IFD Frankfurt\",\"url\":\"https:\/\/www.ifd-frankfurt.de\/\",\"logo\":{\"@type\":\"ImageObject\",\"inLanguage\":\"de-LS\",\"@id\":\"https:\/\/www.ifd-frankfurt.de\/#\/schema\/logo\/image\/\",\"url\":\"https:\/\/www.ifd-frankfurt.de\/wp-content\/uploads\/2019\/09\/IFD_logo.svg\",\"contentUrl\":\"https:\/\/www.ifd-frankfurt.de\/wp-content\/uploads\/2019\/09\/IFD_logo.svg\",\"width\":164,\"height\":45,\"caption\":\"IFD Frankfurt\"},\"image\":{\"@id\":\"https:\/\/www.ifd-frankfurt.de\/#\/schema\/logo\/image\/\"}}]}<\/script>\n<!-- \/ Yoast SEO plugin. -->","yoast_head_json":{"title":"Angebot f\u00fcr h\u00f6rbehinderte Menschen - IFD Frankfurt","robots":{"index":"index","follow":"follow","max-snippet":"max-snippet:-1","max-image-preview":"max-image-preview:large","max-video-preview":"max-video-preview:-1"},"canonical":"https:\/\/www.ifd-frankfurt.de\/angebot-fuer-hoerbehinderte-menschen\/","og_locale":"de_DE","og_type":"article","og_title":"Angebot f\u00fcr h\u00f6rbehinderte Menschen - IFD Frankfurt","og_description":"Voriger N\u00e4chster Angebot f\u00fcr H\u00f6rbehinderte Menschen Die Mitarbeiter:innen des Fachdienstes f\u00fcr H\u00f6rbehinderte Menschen beraten Betroffene mit einer H\u00f6rbehinderung in Bezug auf den Arbeitsplatz. Die Beratung ist bei Bedarf auch in Geb\u00e4rdensprache (DGS) m\u00f6glich. Der Integrationsfachdienst Frankfurt ist f\u00fcr Sie zust\u00e4ndig, wenn\u2026. Sie eine H\u00f6rbehinderung haben und anerkannt schwerbehindert oder gleichgestellt sind und sich Ihr Arbeitsplatz [&hellip;]","og_url":"https:\/\/www.ifd-frankfurt.de\/angebot-fuer-hoerbehinderte-menschen\/","og_site_name":"IFD Frankfurt","article_modified_time":"2025-02-18T10:32:51+00:00","og_image":[{"url":"https:\/\/www.ifd-frankfurt.de\/wp-content\/uploads\/2019\/09\/karte_frankfurt-1.svg","type":"","width":"","height":""}],"twitter_card":"summary_large_image","twitter_misc":{"Est. reading time":"1 minute"},"schema":{"@context":"https:\/\/schema.org","@graph":[{"@type":"WebPage","@id":"https:\/\/www.ifd-frankfurt.de\/angebot-fuer-hoerbehinderte-menschen\/","url":"https:\/\/www.ifd-frankfurt.de\/angebot-fuer-hoerbehinderte-menschen\/","name":"Angebot f\u00fcr h\u00f6rbehinderte Menschen - IFD Frankfurt","isPartOf":{"@id":"https:\/\/www.ifd-frankfurt.de\/#website"},"primaryImageOfPage":{"@id":"https:\/\/www.ifd-frankfurt.de\/angebot-fuer-hoerbehinderte-menschen\/#primaryimage"},"image":{"@id":"https:\/\/www.ifd-frankfurt.de\/angebot-fuer-hoerbehinderte-menschen\/#primaryimage"},"thumbnailUrl":"https:\/\/www.ifd-frankfurt.de\/wp-content\/uploads\/2019\/09\/karte_frankfurt-1.svg","datePublished":"2019-08-13T17:25:03+00:00","dateModified":"2025-02-18T10:32:51+00:00","breadcrumb":{"@id":"https:\/\/www.ifd-frankfurt.de\/angebot-fuer-hoerbehinderte-menschen\/#breadcrumb"},"inLanguage":"de-LS","potentialAction":[{"@type":"ReadAction","target":["https:\/\/www.ifd-frankfurt.de\/angebot-fuer-hoerbehinderte-menschen\/"]}]},{"@type":"ImageObject","inLanguage":"de-LS","@id":"https:\/\/www.ifd-frankfurt.de\/angebot-fuer-hoerbehinderte-menschen\/#primaryimage","url":"https:\/\/www.ifd-frankfurt.de\/wp-content\/uploads\/2019\/09\/karte_frankfurt-1.svg","contentUrl":"https:\/\/www.ifd-frankfurt.de\/wp-content\/uploads\/2019\/09\/karte_frankfurt-1.svg"},{"@type":"BreadcrumbList","@id":"https:\/\/www.ifd-frankfurt.de\/angebot-fuer-hoerbehinderte-menschen\/#breadcrumb","itemListElement":[{"@type":"ListItem","position":1,"name":"Startseite","item":"https:\/\/www.ifd-frankfurt.de\/de-ls\/"},{"@type":"ListItem","position":2,"name":"Angebot f\u00fcr h\u00f6rbehinderte Menschen"}]},{"@type":"WebSite","@id":"https:\/\/www.ifd-frankfurt.de\/#website","url":"https:\/\/www.ifd-frankfurt.de\/","name":"IFD Frankfurt","description":"","publisher":{"@id":"https:\/\/www.ifd-frankfurt.de\/#organization"},"potentialAction":[{"@type":"SearchAction","target":{"@type":"EntryPoint","urlTemplate":"https:\/\/www.ifd-frankfurt.de\/?s={search_term_string}"},"query-input":{"@type":"PropertyValueSpecification","valueRequired":true,"valueName":"search_term_string"}}],"inLanguage":"de-LS"},{"@type":"Organization","@id":"https:\/\/www.ifd-frankfurt.de\/#organization","name":"IFD Frankfurt","url":"https:\/\/www.ifd-frankfurt.de\/","logo":{"@type":"ImageObject","inLanguage":"de-LS","@id":"https:\/\/www.ifd-frankfurt.de\/#\/schema\/logo\/image\/","url":"https:\/\/www.ifd-frankfurt.de\/wp-content\/uploads\/2019\/09\/IFD_logo.svg","contentUrl":"https:\/\/www.ifd-frankfurt.de\/wp-content\/uploads\/2019\/09\/IFD_logo.svg","width":164,"height":45,"caption":"IFD Frankfurt"},"image":{"@id":"https:\/\/www.ifd-frankfurt.de\/#\/schema\/logo\/image\/"}}]}},"_links":{"self":[{"href":"https:\/\/www.ifd-frankfurt.de\/de-ls\/wp-json\/wp\/v2\/pages\/246","targetHints":{"allow":["GET"]}}],"collection":[{"href":"https:\/\/www.ifd-frankfurt.de\/de-ls\/wp-json\/wp\/v2\/pages"}],"about":[{"href":"https:\/\/www.ifd-frankfurt.de\/de-ls\/wp-json\/wp\/v2\/types\/page"}],"author":[{"embeddable":true,"href":"https:\/\/www.ifd-frankfurt.de\/de-ls\/wp-json\/wp\/v2\/users\/1"}],"replies":[{"embeddable":true,"href":"https:\/\/www.ifd-frankfurt.de\/de-ls\/wp-json\/wp\/v2\/comments?post=246"}],"version-history":[{"count":13,"href":"https:\/\/www.ifd-frankfurt.de\/de-ls\/wp-json\/wp\/v2\/pages\/246\/revisions"}],"predecessor-version":[{"id":2103,"href":"https:\/\/www.ifd-frankfurt.de\/de-ls\/wp-json\/wp\/v2\/pages\/246\/revisions\/2103"}],"wp:attachment":[{"href":"https:\/\/www.ifd-frankfurt.de\/de-ls\/wp-json\/wp\/v2\/media?parent=246"}],"curies":[{"name":"wp","href":"https:\/\/api.w.org\/{rel}","templated":true}]}}