{"version":"1.0","provider_name":"IFD Frankfurt","provider_url":"https:\/\/www.ifd-frankfurt.de\/de-ls\/","author_name":"rfleckner","author_url":"https:\/\/www.ifd-frankfurt.de\/de-ls\/author\/rfleckner\/","title":"Angebot f\u00fcr h\u00f6rbehinderte Menschen - IFD Frankfurt","type":"rich","width":600,"height":338,"html":"<blockquote class=\"wp-embedded-content\" data-secret=\"RBXv8zxk7C\"><a href=\"https:\/\/www.ifd-frankfurt.de\/de-ls\/angebot-fuer-gehoerlose-menschen\/\">Angebot f\u00fcr h\u00f6rbehinderte Menschen<\/a><\/blockquote><iframe sandbox=\"allow-scripts\" security=\"restricted\" src=\"https:\/\/www.ifd-frankfurt.de\/de-ls\/angebot-fuer-gehoerlose-menschen\/embed\/#?secret=RBXv8zxk7C\" width=\"600\" height=\"338\" title=\"&#8220;Angebot f\u00fcr h\u00f6rbehinderte Menschen&#8221; &#8212; IFD Frankfurt\" data-secret=\"RBXv8zxk7C\" frameborder=\"0\" marginwidth=\"0\" marginheight=\"0\" scrolling=\"no\" class=\"wp-embedded-content\"><\/iframe><script type=\"text\/javascript\">\n\/* <![CDATA[ *\/\n\/*! This file is auto-generated *\/\n!function(d,l){\"use strict\";l.querySelector&&d.addEventListener&&\"undefined\"!=typeof URL&&(d.wp=d.wp||{},d.wp.receiveEmbedMessage||(d.wp.receiveEmbedMessage=function(e){var t=e.data;if((t||t.secret||t.message||t.value)&&!\/[^a-zA-Z0-9]\/.test(t.secret)){for(var s,r,n,a=l.querySelectorAll('iframe[data-secret=\"'+t.secret+'\"]'),o=l.querySelectorAll('blockquote[data-secret=\"'+t.secret+'\"]'),c=new RegExp(\"^https?:$\",\"i\"),i=0;i<o.length;i++)o[i].style.display=\"none\";for(i=0;i<a.length;i++)s=a[i],e.source===s.contentWindow&&(s.removeAttribute(\"style\"),\"height\"===t.message?(1e3<(r=parseInt(t.value,10))?r=1e3:~~r<200&&(r=200),s.height=r):\"link\"===t.message&&(r=new URL(s.getAttribute(\"src\")),n=new URL(t.value),c.test(n.protocol))&&n.host===r.host&&l.activeElement===s&&(d.top.location.href=t.value))}},d.addEventListener(\"message\",d.wp.receiveEmbedMessage,!1),l.addEventListener(\"DOMContentLoaded\",function(){for(var e,t,s=l.querySelectorAll(\"iframe.wp-embedded-content\"),r=0;r<s.length;r++)(t=(e=s[r]).getAttribute(\"data-secret\"))||(t=Math.random().toString(36).substring(2,12),e.src+=\"#?secret=\"+t,e.setAttribute(\"data-secret\",t)),e.contentWindow.postMessage({message:\"ready\",secret:t},\"*\")},!1)))}(window,document);\n\/* ]]> *\/\n<\/script>\n","description":"Voriger N\u00e4chster Angebot f\u00fcr H\u00f6rbehinderte Menschen Die Mitarbeiter:innen des Fachdienstes f\u00fcr H\u00f6rbehinderte Menschen beraten Betroffene mit einer H\u00f6rbehinderung in Bezug auf den Arbeitsplatz. Die Beratung ist bei Bedarf auch in Geb\u00e4rdensprache (DGS) m\u00f6glich. Der Integrationsfachdienst Frankfurt ist f\u00fcr Sie zust\u00e4ndig, wenn\u2026. Sie eine H\u00f6rbehinderung haben und anerkannt schwerbehindert oder gleichgestellt sind und sich Ihr Arbeitsplatz [&hellip;]","thumbnail_url":"https:\/\/www.ifd-frankfurt.de\/wp-content\/uploads\/2019\/09\/karte_frankfurt-1.svg"}